{"id":322,"date":"2025-04-07T11:55:54","date_gmt":"2025-04-07T14:55:54","guid":{"rendered":"https:\/\/blogs.correiobraziliense.com.br\/brasiliatododia\/?page_id=322"},"modified":"2025-04-11T12:04:06","modified_gmt":"2025-04-11T15:04:06","slug":"lancamento-do-livro-poemas-e-sonetos-para-graca-de-bonfim-tobias-uma-ode-ao-amor-eterno","status":"publish","type":"page","link":"https:\/\/blogs.correiobraziliense.com.br\/brasiliatododia\/lancamento-do-livro-poemas-e-sonetos-para-graca-de-bonfim-tobias-uma-ode-ao-amor-eterno\/","title":{"rendered":"Lan\u00e7amento do livro \u201cPoemas e Sonetos para Gra\u00e7a\u201d, de Bonfim Tobias \u2014 uma ode ao amor eterno"},"content":{"rendered":"<figure id=\"attachment_323\" aria-describedby=\"caption-attachment-323\" style=\"width: 476px\" class=\"wp-caption alignleft\"><img loading=\"lazy\" decoding=\"async\" class=\"wp-image-323\" src=\"https:\/\/blogs.correiobraziliense.com.br\/brasiliatododia\/wp-content\/uploads\/sites\/68\/2025\/04\/1744382769.png\" alt=\"\" width=\"476\" height=\"439\" \/><figcaption id=\"caption-attachment-323\" class=\"wp-caption-text\">Capa &#8220;Poemas e sonetos para Gra\u00e7a&#8221;<\/figcaption><\/figure>\n<h3 class=\"\"><strong>Lan\u00e7amento do livro \u201cPoemas e Sonetos para Gra\u00e7a\u201d, de Bonfim Tobias \u2014 uma ode ao amor eterno<\/strong><\/h3>\n<p class=\"\">Nesta ter\u00e7a-feira, dia <strong>8 de abril de 2025<\/strong>, das <strong>18h \u00e0s 21h<\/strong>, no\u00a0<strong>Ernesto Caf\u00e9<\/strong> (SQS 115 Sul, Bloco B, Bras\u00edlia \u2013 DF) ser\u00e1 o cen\u00e1rio do lan\u00e7amento de <em>P<strong>oemas e Sonetos para Gra\u00e7a<\/strong><\/em><strong>,<\/strong> do escritor <strong>Bonfim Tobias<\/strong>.<\/p>\n<p class=\"\">Trabalhado ao longo de muitos anos e publicado em uma edi\u00e7\u00e3o de luxo pela <strong>Tagore Editora<\/strong>, o livro \u00e9 um tributo po\u00e9tico \u00e0 sua esposa, <strong>Maria das Gra\u00e7as Lopes Tobias<\/strong> \u2014 uma obra delicada, intensa e profunda, composta por versos que atravessam o tempo e celebram o amor em sua forma mais aut\u00eantica.<\/p>\n<p class=\"\">Mais que um livro de poesia, <strong><em>Poemas e Sonetos para Gra\u00e7a<\/em><\/strong> \u00e9 uma declara\u00e7\u00e3o de afeto que toca a alma de quem ama, de quem j\u00e1 amou e de quem acredita na poesia como ref\u00fagio, mem\u00f3ria e perman\u00eancia.<\/p>\n<p class=\"\"><strong>Destaque da obra:<\/strong><\/p>\n<blockquote>\n<p class=\"\"><strong>INTEGRA\u00c7\u00c3O<\/strong><br \/><em>N\u00e3o morro mais! Eternizei-me em ti,<\/em><br \/><em>No nosso amor, na ess\u00eancia de n\u00f3s dois!<\/em><br \/><em>\u00c9 o que h\u00e1 de passado e porvir,<\/em><br \/><em>\u00c9 tudo o que ficou e o depois!<\/em><\/p>\n<p class=\"\"><em>\u00c9 o que vivo, \u00e9 o que vivi,<\/em><br \/><em>Realismo que \u00e9 e sempre foi!<\/em><br \/><em>Recuperaste aquilo que perdi,<\/em><br \/><em>Tornaste-me o que sou e o depois!<\/em><\/p>\n<p class=\"\"><em>Por isso, n\u00e3o h\u00e1 mais o que morrer!<\/em><br \/><em>E, em n\u00f3s, tudo tem o seu porqu\u00ea<\/em><br \/><em>Eternizando s\u00f3 uma idade:<\/em><\/p>\n<p class=\"\"><em>O agora, o passado e o futuro<\/em><br \/><em>E o que h\u00e1 na exist\u00eancia de mais puro:<\/em><br \/><em>\u00c9 termos desta vida j\u00e1 saudade!<\/em><\/p>\n<\/blockquote>\n<p class=\"\">Al\u00e9m da celebra\u00e7\u00e3o po\u00e9tica, o evento carrega um gesto de generosidade: <strong>toda a renda obtida com a venda dos exemplares ser\u00e1 revertida para a Creche Vov\u00f3 Zoraide, em Uberaba \u2013 MG<\/strong>, fortalecendo o elo entre literatura e solidariedade.<\/p>\n<p class=\"\">Se voc\u00ea aprecia literatura sens\u00edvel, inspiradora e feita com verdade, este encontro \u00e9 para voc\u00ea.<\/p>\n<blockquote>\n<p class=\"\"><strong>Venha ao Ernesto Caf\u00e9. Traga seus sentidos.<\/strong><\/p>\n<\/blockquote>\n","protected":false},"excerpt":{"rendered":"<p>Lan\u00e7amento do livro \u201cPoemas e Sonetos para Gra\u00e7a\u201d, de Bonfim Tobias \u2014 uma ode ao amor eterno Nesta ter\u00e7a-feira, dia 8 de abril de 2025, das 18h \u00e0s 21h, no\u00a0Ernesto Caf\u00e9 (SQS 115 Sul, Bloco B, Bras\u00edlia \u2013 DF) ser\u00e1 o cen\u00e1rio do lan\u00e7amento de Poemas e Sonetos para Gra\u00e7a, do escritor Bonfim Tobias. Trabalhado ao longo de muitos anos [&hellip;]<\/p>\n","protected":false},"author":152,"featured_media":0,"parent":0,"menu_order":0,"comment_status":"closed","ping_status":"closed","template":"","meta":{"footnotes":""},"class_list":["post-322","page","type-page","status-publish","hentry"],"_links":{"self":[{"href":"https:\/\/blogs.correiobraziliense.com.br\/brasiliatododia\/wp-json\/wp\/v2\/pages\/322","targetHints":{"allow":["GET"]}}],"collection":[{"href":"https:\/\/blogs.correiobraziliense.com.br\/brasiliatododia\/wp-json\/wp\/v2\/pages"}],"about":[{"href":"https:\/\/blogs.correiobraziliense.com.br\/brasiliatododia\/wp-json\/wp\/v2\/types\/page"}],"author":[{"embeddable":true,"href":"https:\/\/blogs.correiobraziliense.com.br\/brasiliatododia\/wp-json\/wp\/v2\/users\/152"}],"replies":[{"embeddable":true,"href":"https:\/\/blogs.correiobraziliense.com.br\/brasiliatododia\/wp-json\/wp\/v2\/comments?post=322"}],"version-history":[{"count":4,"href":"https:\/\/blogs.correiobraziliense.com.br\/brasiliatododia\/wp-json\/wp\/v2\/pages\/322\/revisions"}],"predecessor-version":[{"id":327,"href":"https:\/\/blogs.correiobraziliense.com.br\/brasiliatododia\/wp-json\/wp\/v2\/pages\/322\/revisions\/327"}],"wp:attachment":[{"href":"https:\/\/blogs.correiobraziliense.com.br\/brasiliatododia\/wp-json\/wp\/v2\/media?parent=322"}],"curies":[{"name":"wp","href":"https:\/\/api.w.org\/{rel}","templated":true}]}}